{"id":194,"date":"2023-10-01T16:17:09","date_gmt":"2023-10-01T14:17:09","guid":{"rendered":"http:\/\/laboartstextiles.org\/?page_id=194"},"modified":"2023-10-01T18:09:44","modified_gmt":"2023-10-01T16:09:44","slug":"residence-adventices-teinture-et-laine-feutrees-du-limousin","status":"publish","type":"page","link":"https:\/\/laboartstextiles.org\/index.php\/residence-adventices-teinture-et-laine-feutrees-du-limousin\/","title":{"rendered":"R\u00e9sidence Adventices : teinture et laine feutr\u00e9es en Limousin"},"content":{"rendered":"\n<p><strong>28 Ao\u00fbt &#8211; 2 Septembre 2023 \u00e0 Lachaud, Gentioux<\/strong><\/p>\n\n\n\n<figure class=\"wp-block-image size-large\"><img loading=\"lazy\" decoding=\"async\" width=\"1024\" height=\"1024\" src=\"http:\/\/laboartstextiles.org\/wp-content\/uploads\/2023\/10\/MARMITE-FERME-DE-LA-CHAUX_1-1024x1024.jpg\" alt=\"\" class=\"wp-image-195\" srcset=\"https:\/\/laboartstextiles.org\/wp-content\/uploads\/2023\/10\/MARMITE-FERME-DE-LA-CHAUX_1-1024x1024.jpg 1024w, https:\/\/laboartstextiles.org\/wp-content\/uploads\/2023\/10\/MARMITE-FERME-DE-LA-CHAUX_1-300x300.jpg 300w, https:\/\/laboartstextiles.org\/wp-content\/uploads\/2023\/10\/MARMITE-FERME-DE-LA-CHAUX_1-150x150.jpg 150w, https:\/\/laboartstextiles.org\/wp-content\/uploads\/2023\/10\/MARMITE-FERME-DE-LA-CHAUX_1-768x768.jpg 768w, https:\/\/laboartstextiles.org\/wp-content\/uploads\/2023\/10\/MARMITE-FERME-DE-LA-CHAUX_1-1536x1536.jpg 1536w, https:\/\/laboartstextiles.org\/wp-content\/uploads\/2023\/10\/MARMITE-FERME-DE-LA-CHAUX_1-2048x2048.jpg 2048w, https:\/\/laboartstextiles.org\/wp-content\/uploads\/2023\/10\/MARMITE-FERME-DE-LA-CHAUX_1-1568x1568.jpg 1568w, https:\/\/laboartstextiles.org\/wp-content\/uploads\/2023\/10\/MARMITE-FERME-DE-LA-CHAUX_1-1320x1320.jpg 1320w\" sizes=\"auto, (max-width: 1024px) 100vw, 1024px\" \/><\/figure>\n\n\n\n<figure class=\"wp-block-image size-large\"><img loading=\"lazy\" decoding=\"async\" width=\"1024\" height=\"1024\" src=\"http:\/\/laboartstextiles.org\/wp-content\/uploads\/2023\/10\/MARMITE-FERME-DE-LA-CHAUX_3-1024x1024.jpg\" alt=\"\" class=\"wp-image-196\" srcset=\"https:\/\/laboartstextiles.org\/wp-content\/uploads\/2023\/10\/MARMITE-FERME-DE-LA-CHAUX_3-1024x1024.jpg 1024w, https:\/\/laboartstextiles.org\/wp-content\/uploads\/2023\/10\/MARMITE-FERME-DE-LA-CHAUX_3-300x300.jpg 300w, https:\/\/laboartstextiles.org\/wp-content\/uploads\/2023\/10\/MARMITE-FERME-DE-LA-CHAUX_3-150x150.jpg 150w, https:\/\/laboartstextiles.org\/wp-content\/uploads\/2023\/10\/MARMITE-FERME-DE-LA-CHAUX_3-768x768.jpg 768w, https:\/\/laboartstextiles.org\/wp-content\/uploads\/2023\/10\/MARMITE-FERME-DE-LA-CHAUX_3-1536x1536.jpg 1536w, https:\/\/laboartstextiles.org\/wp-content\/uploads\/2023\/10\/MARMITE-FERME-DE-LA-CHAUX_3-2048x2048.jpg 2048w, https:\/\/laboartstextiles.org\/wp-content\/uploads\/2023\/10\/MARMITE-FERME-DE-LA-CHAUX_3-1568x1568.jpg 1568w, https:\/\/laboartstextiles.org\/wp-content\/uploads\/2023\/10\/MARMITE-FERME-DE-LA-CHAUX_3-1320x1320.jpg 1320w\" sizes=\"auto, (max-width: 1024px) 100vw, 1024px\" \/><\/figure>\n\n\n\n<p>Dans le cadre du projet Adventices, acc\u00e8s sur la recherche autour de la teinture v\u00e9g\u00e9tale, le laboratoire a co-organis\u00e9 une semaine de r\u00e9sidence sur la transformation de laines limousines par la teinture et le feutrage, en partenariat avec la ferme de Lachaud \u00e0 Gentioux. Nous \u00e9tions quatre, R\u00e9mi Marilleau, Clara Salomon, A\u00ebla Cabel et Anna Gianferrari r\u00e9uni.es sur la Ferme de Lachaud pendant 6 jours. Plusieurs habitant.es du territoire et de la ferme sont venues pour une journ\u00e9e ou quelques heures exp\u00e9rimenter avec nous. Clara \u00e9tait venue en amont pour participer \u00e0 la tonte des brebis et au tri des toisons. La laine brute, directement issue de la tonte, a \u00e9t\u00e9 notre mati\u00e8re premi\u00e8re pour la semaine.&nbsp;<\/p>\n\n\n\n<p>Dans un premier temps nous avons s\u00e9lectionn\u00e9 des coloris de laines pour avoir une gamme \u00ab&nbsp;naturelle&nbsp;\u00bb et lanc\u00e9 des bains de teinture pour avoir une gamme de couleur v\u00e9g\u00e9tale \u00e0 partir d&rsquo;\u00e9corces de bourdaine, de fleur de gen\u00eat et d&rsquo;extrait de garance. Nous avons card\u00e9 la laine \u00e0 l&rsquo;aide d&rsquo;une cardeuse \u00e0 balancier et d&rsquo;une cardeuse \u00e0 rouleau. Dans un souci d&rsquo;\u00e9conomie d&rsquo;eau et de temps nous avons choisi de ne pas laver la laine, trouvant nos r\u00e9sultats \u00e0 partir de laine brute assez concluants (la laine non lav\u00e9e feutre aussi bien et le savon utilis\u00e9 lors du feutrage, nettoie en partie la laine). Nous avons r\u00e9alis\u00e9 des \u00e9chantillons qui nous ont confirm\u00e9 la tr\u00e8s bonne qualit\u00e9 de feutrage de la laine Limousine. Chacun.e a pu appr\u00e9hender et exp\u00e9rimenter la technique du dessin, de la composition et du motif \u00e0 travers la technique du feutre. Nous avons r\u00e9alis\u00e9 diff\u00e9rents tapis, pochettes et pi\u00e8ces ornementales.&nbsp;\u00c0 deux moments durant la semaine, nous avons&nbsp;accompagn\u00e9 Johanna dans&nbsp;ses activit\u00e9s quotidiennes pour en apprendre plus sur son m\u00e9tier, sa&nbsp;relation avec les brebis&nbsp;et sur l\u2019histoire et l&rsquo;environnement de la ferme.&nbsp;<\/p>\n\n\n\n<p>Cette semaine fut l\u2019occasion&nbsp;pour chacun.e d\u2019investiguer les diff\u00e9rentes techniques du feutrage et d&rsquo;appr\u00e9cier toutes les \u00e9tapes de la transformation de cette mati\u00e8re premi\u00e8re. Ces premi\u00e8res recherches annoncent un projet futur de valorisation de laines limousines que nous souhaitons mener sur le long terme. <\/p>\n\n\n\n<figure class=\"wp-block-gallery has-nested-images columns-default is-cropped wp-block-gallery-1 is-layout-flex wp-block-gallery-is-layout-flex\">\n<figure class=\"wp-block-image size-large\"><img loading=\"lazy\" decoding=\"async\" width=\"768\" height=\"1024\" data-id=\"301\" src=\"http:\/\/laboartstextiles.org\/wp-content\/uploads\/2023\/10\/IMG_6340-768x1024.jpeg\" alt=\"\" class=\"wp-image-301\" srcset=\"https:\/\/laboartstextiles.org\/wp-content\/uploads\/2023\/10\/IMG_6340-768x1024.jpeg 768w, https:\/\/laboartstextiles.org\/wp-content\/uploads\/2023\/10\/IMG_6340-225x300.jpeg 225w, https:\/\/laboartstextiles.org\/wp-content\/uploads\/2023\/10\/IMG_6340-1152x1536.jpeg 1152w, https:\/\/laboartstextiles.org\/wp-content\/uploads\/2023\/10\/IMG_6340-1536x2048.jpeg 1536w, https:\/\/laboartstextiles.org\/wp-content\/uploads\/2023\/10\/IMG_6340-1568x2091.jpeg 1568w, https:\/\/laboartstextiles.org\/wp-content\/uploads\/2023\/10\/IMG_6340-1320x1760.jpeg 1320w, https:\/\/laboartstextiles.org\/wp-content\/uploads\/2023\/10\/IMG_6340-scaled.jpeg 1920w\" sizes=\"auto, (max-width: 768px) 100vw, 768px\" \/><\/figure>\n<\/figure>\n\n\n\n<figure class=\"wp-block-gallery has-nested-images columns-default is-cropped wp-block-gallery-2 is-layout-flex wp-block-gallery-is-layout-flex\">\n<figure class=\"wp-block-image size-large\"><img loading=\"lazy\" decoding=\"async\" width=\"768\" height=\"1024\" data-id=\"309\" src=\"http:\/\/laboartstextiles.org\/wp-content\/uploads\/2023\/10\/IMG_9938-768x1024.jpg\" alt=\"\" class=\"wp-image-309\" srcset=\"https:\/\/laboartstextiles.org\/wp-content\/uploads\/2023\/10\/IMG_9938-768x1024.jpg 768w, https:\/\/laboartstextiles.org\/wp-content\/uploads\/2023\/10\/IMG_9938-225x300.jpg 225w, https:\/\/laboartstextiles.org\/wp-content\/uploads\/2023\/10\/IMG_9938-1152x1536.jpg 1152w, https:\/\/laboartstextiles.org\/wp-content\/uploads\/2023\/10\/IMG_9938-1536x2048.jpg 1536w, https:\/\/laboartstextiles.org\/wp-content\/uploads\/2023\/10\/IMG_9938-1568x2091.jpg 1568w, https:\/\/laboartstextiles.org\/wp-content\/uploads\/2023\/10\/IMG_9938-1320x1760.jpg 1320w, https:\/\/laboartstextiles.org\/wp-content\/uploads\/2023\/10\/IMG_9938-scaled.jpg 1920w\" sizes=\"auto, (max-width: 768px) 100vw, 768px\" \/><\/figure>\n\n\n\n<figure class=\"wp-block-image size-large\"><img loading=\"lazy\" decoding=\"async\" width=\"768\" height=\"1024\" data-id=\"310\" src=\"http:\/\/laboartstextiles.org\/wp-content\/uploads\/2023\/10\/IMG_9960-768x1024.jpg\" alt=\"\" class=\"wp-image-310\" srcset=\"https:\/\/laboartstextiles.org\/wp-content\/uploads\/2023\/10\/IMG_9960-768x1024.jpg 768w, https:\/\/laboartstextiles.org\/wp-content\/uploads\/2023\/10\/IMG_9960-225x300.jpg 225w, https:\/\/laboartstextiles.org\/wp-content\/uploads\/2023\/10\/IMG_9960-1152x1536.jpg 1152w, https:\/\/laboartstextiles.org\/wp-content\/uploads\/2023\/10\/IMG_9960-1536x2048.jpg 1536w, https:\/\/laboartstextiles.org\/wp-content\/uploads\/2023\/10\/IMG_9960-1568x2091.jpg 1568w, https:\/\/laboartstextiles.org\/wp-content\/uploads\/2023\/10\/IMG_9960-1320x1760.jpg 1320w, https:\/\/laboartstextiles.org\/wp-content\/uploads\/2023\/10\/IMG_9960-scaled.jpg 1920w\" sizes=\"auto, (max-width: 768px) 100vw, 768px\" \/><\/figure>\n<\/figure>\n\n\n\n<figure class=\"wp-block-gallery has-nested-images columns-default is-cropped wp-block-gallery-3 is-layout-flex wp-block-gallery-is-layout-flex\">\n<figure class=\"wp-block-image size-large\"><img loading=\"lazy\" decoding=\"async\" width=\"1024\" height=\"768\" data-id=\"311\" src=\"http:\/\/laboartstextiles.org\/wp-content\/uploads\/2023\/10\/IMG_9972-1-1024x768.jpg\" alt=\"\" class=\"wp-image-311\" srcset=\"https:\/\/laboartstextiles.org\/wp-content\/uploads\/2023\/10\/IMG_9972-1-1024x768.jpg 1024w, https:\/\/laboartstextiles.org\/wp-content\/uploads\/2023\/10\/IMG_9972-1-300x225.jpg 300w, https:\/\/laboartstextiles.org\/wp-content\/uploads\/2023\/10\/IMG_9972-1-768x576.jpg 768w, https:\/\/laboartstextiles.org\/wp-content\/uploads\/2023\/10\/IMG_9972-1-1536x1152.jpg 1536w, https:\/\/laboartstextiles.org\/wp-content\/uploads\/2023\/10\/IMG_9972-1-2048x1536.jpg 2048w, https:\/\/laboartstextiles.org\/wp-content\/uploads\/2023\/10\/IMG_9972-1-1568x1176.jpg 1568w, https:\/\/laboartstextiles.org\/wp-content\/uploads\/2023\/10\/IMG_9972-1-1320x990.jpg 1320w\" sizes=\"auto, (max-width: 1024px) 100vw, 1024px\" \/><\/figure>\n\n\n\n<figure class=\"wp-block-image size-large\"><img loading=\"lazy\" decoding=\"async\" width=\"1024\" height=\"768\" data-id=\"312\" src=\"http:\/\/laboartstextiles.org\/wp-content\/uploads\/2023\/10\/IMG_9994-1024x768.jpg\" alt=\"\" class=\"wp-image-312\" srcset=\"https:\/\/laboartstextiles.org\/wp-content\/uploads\/2023\/10\/IMG_9994-1024x768.jpg 1024w, https:\/\/laboartstextiles.org\/wp-content\/uploads\/2023\/10\/IMG_9994-300x225.jpg 300w, https:\/\/laboartstextiles.org\/wp-content\/uploads\/2023\/10\/IMG_9994-768x576.jpg 768w, https:\/\/laboartstextiles.org\/wp-content\/uploads\/2023\/10\/IMG_9994-1536x1152.jpg 1536w, https:\/\/laboartstextiles.org\/wp-content\/uploads\/2023\/10\/IMG_9994-2048x1536.jpg 2048w, https:\/\/laboartstextiles.org\/wp-content\/uploads\/2023\/10\/IMG_9994-1568x1176.jpg 1568w, https:\/\/laboartstextiles.org\/wp-content\/uploads\/2023\/10\/IMG_9994-1320x990.jpg 1320w\" sizes=\"auto, (max-width: 1024px) 100vw, 1024px\" \/><\/figure>\n<\/figure>\n\n\n\n<p><\/p>\n\n\n\n<figure class=\"wp-block-gallery has-nested-images columns-default is-cropped wp-block-gallery-4 is-layout-flex wp-block-gallery-is-layout-flex\"><\/figure>\n","protected":false},"excerpt":{"rendered":"<p>28 Ao\u00fbt &#8211; 2 Septembre 2023 \u00e0 Lachaud, Gentioux Dans le cadre du projet Adventices, acc\u00e8s sur la recherche autour de la teinture v\u00e9g\u00e9tale, le laboratoire a co-organis\u00e9 une semaine&hellip; <a class=\"more-link\" href=\"https:\/\/laboartstextiles.org\/index.php\/residence-adventices-teinture-et-laine-feutrees-du-limousin\/\">Poursuivre la lecture <span class=\"screen-reader-text\">R\u00e9sidence Adventices : teinture et laine feutr\u00e9es en Limousin<\/span><\/a><\/p>\n","protected":false},"author":1,"featured_media":0,"parent":0,"menu_order":0,"comment_status":"closed","ping_status":"closed","template":"","meta":{"_EventAllDay":false,"_EventTimezone":"","_EventStartDate":"","_EventEndDate":"","_EventStartDateUTC":"","_EventEndDateUTC":"","_EventShowMap":false,"_EventShowMapLink":false,"_EventURL":"","_EventCost":"","_EventCostDescription":"","_EventCurrencySymbol":"","_EventCurrencyCode":"","_EventCurrencyPosition":"","_EventDateTimeSeparator":"","_EventTimeRangeSeparator":"","_EventOrganizerID":[],"_EventVenueID":[],"_OrganizerEmail":"","_OrganizerPhone":"","_OrganizerWebsite":"","_VenueAddress":"","_VenueCity":"","_VenueCountry":"","_VenueProvince":"","_VenueState":"","_VenueZip":"","_VenuePhone":"","_VenueURL":"","_VenueStateProvince":"","_VenueLat":"","_VenueLng":"","_VenueShowMap":false,"_VenueShowMapLink":false,"footnotes":""},"class_list":["post-194","page","type-page","status-publish","hentry","entry"],"_links":{"self":[{"href":"https:\/\/laboartstextiles.org\/index.php\/wp-json\/wp\/v2\/pages\/194","targetHints":{"allow":["GET"]}}],"collection":[{"href":"https:\/\/laboartstextiles.org\/index.php\/wp-json\/wp\/v2\/pages"}],"about":[{"href":"https:\/\/laboartstextiles.org\/index.php\/wp-json\/wp\/v2\/types\/page"}],"author":[{"embeddable":true,"href":"https:\/\/laboartstextiles.org\/index.php\/wp-json\/wp\/v2\/users\/1"}],"replies":[{"embeddable":true,"href":"https:\/\/laboartstextiles.org\/index.php\/wp-json\/wp\/v2\/comments?post=194"}],"version-history":[{"count":4,"href":"https:\/\/laboartstextiles.org\/index.php\/wp-json\/wp\/v2\/pages\/194\/revisions"}],"predecessor-version":[{"id":318,"href":"https:\/\/laboartstextiles.org\/index.php\/wp-json\/wp\/v2\/pages\/194\/revisions\/318"}],"wp:attachment":[{"href":"https:\/\/laboartstextiles.org\/index.php\/wp-json\/wp\/v2\/media?parent=194"}],"curies":[{"name":"wp","href":"https:\/\/api.w.org\/{rel}","templated":true}]}}